{"id":3834,"date":"2021-03-10T11:15:03","date_gmt":"2021-03-10T10:15:03","guid":{"rendered":"http:\/\/3-moutiers.fr\/?page_id=3834"},"modified":"2026-03-24T10:01:36","modified_gmt":"2026-03-24T09:01:36","slug":"reservation-salle-cantonale","status":"publish","type":"page","link":"https:\/\/3-moutiers.fr\/index.php\/reservation-salle-cantonale\/","title":{"rendered":"R\u00e9servation Salle Cantonale"},"content":{"rendered":"\t\t<div data-elementor-type=\"wp-page\" data-elementor-id=\"3834\" class=\"elementor elementor-3834\" data-elementor-settings=\"[]\">\n\t\t\t\t\t\t<div class=\"elementor-inner\">\n\t\t\t\t\t\t\t<div class=\"elementor-section-wrap\">\n\t\t\t\t\t\t\t<section class=\"elementor-section elementor-top-section elementor-element elementor-element-2e08361 elementor-section-boxed elementor-section-height-default elementor-section-height-default\" data-id=\"2e08361\" data-element_type=\"section\">\n\t\t\t\t\t\t<div class=\"elementor-container elementor-column-gap-default\">\n\t\t\t\t\t\t\t<div class=\"elementor-row\">\n\t\t\t\t\t<div class=\"elementor-column elementor-col-100 elementor-top-column elementor-element elementor-element-568b840\" data-id=\"568b840\" data-element_type=\"column\">\n\t\t\t<div class=\"elementor-column-wrap elementor-element-populated\">\n\t\t\t\t\t\t\t<div class=\"elementor-widget-wrap\">\n\t\t\t\t\t\t<div class=\"elementor-element elementor-element-3034893 elementor-widget elementor-widget-text-editor\" data-id=\"3034893\" data-element_type=\"widget\" data-widget_type=\"text-editor.default\">\n\t\t\t\t<div class=\"elementor-widget-container\">\n\t\t\t\t\t<div class=\"elementor-text-editor elementor-clearfix\"><h2><span style=\"color: #000000;\">Location des salles communales<\/span><\/h2><p><span style=\"color: #000000;\">Vous trouverez ci-dessous les plans des salles ainsi que les conventions \u00e0 imprimer, \u00e0 remplir et \u00e0 adresser \u00e0 la mairie des Trois-Moutiers accompagn\u00e9es des justificatifs demand\u00e9s (versement des arrhes pour la r\u00e9servation, r\u00e8glement de la salle, ch\u00e8ques de caution, attestation d&rsquo;assurance).<\/span><\/p><p><span style=\"color: #000000;\"><a href=\"http:\/\/3-moutiers.fr\/wp-content\/uploads\/2024\/10\/TARIFS-LOCATIONS-SALLES-2024.pdf\"><span style=\"color: #993300;\"><strong>CLIQUER ICI POUR VOIR TOUS LES TARIFS<\/strong><\/span><\/a><br \/><\/span><\/p><p><span style=\"color: #000000;\"><b>Mairie des Trois-Moutiers<\/b> <\/span><br \/><span style=\"color: #000000;\">14 avenue Aristide Gigot <\/span><br \/><span style=\"color: #000000;\">86120 Les Trois-Moutiers <\/span><br \/><span style=\"color: #000000;\">T\u00e9l\u00e9phone : 05 49 22 63 90\u00a0 <\/span><br \/><span style=\"color: #000000;\">Email : <a style=\"color: #000000;\" href=\"mailto:mairie-3moutiers@wanadoo.fr\">mairie@3-moutiers.fr<\/a><\/span><\/p><\/div>\n\t\t\t\t<\/div>\n\t\t\t\t<\/div>\n\t\t\t\t\t\t<\/div>\n\t\t\t\t\t<\/div>\n\t\t<\/div>\n\t\t\t\t\t\t\t\t<\/div>\n\t\t\t\t\t<\/div>\n\t\t<\/section>\n\t\t\t\t<section class=\"elementor-section elementor-top-section elementor-element elementor-element-8975020 elementor-section-boxed elementor-section-height-default elementor-section-height-default\" data-id=\"8975020\" data-element_type=\"section\">\n\t\t\t\t\t\t<div class=\"elementor-container elementor-column-gap-default\">\n\t\t\t\t\t\t\t<div class=\"elementor-row\">\n\t\t\t\t\t<div class=\"elementor-column elementor-col-100 elementor-top-column elementor-element elementor-element-2f99c64\" data-id=\"2f99c64\" data-element_type=\"column\">\n\t\t\t<div class=\"elementor-column-wrap elementor-element-populated\">\n\t\t\t\t\t\t\t<div class=\"elementor-widget-wrap\">\n\t\t\t\t\t\t<div class=\"elementor-element elementor-element-a33e26c elementor-widget elementor-widget-html\" data-id=\"a33e26c\" data-element_type=\"widget\" data-widget_type=\"html.default\">\n\t\t\t\t<div class=\"elementor-widget-container\">\n\t\t\t<iframe loading=\"lazy\" src=\"https:\/\/calendar.google.com\/calendar\/embed?src=p9fer8qojo693jsmlrao8mr49o%40group.calendar.google.com&ctz=Europe%2FParis\" style=\"border: 0\" width=\"800\" height=\"600\" frameborder=\"0\" scrolling=\"no\"><\/iframe>\t\t<\/div>\n\t\t\t\t<\/div>\n\t\t\t\t\t\t<\/div>\n\t\t\t\t\t<\/div>\n\t\t<\/div>\n\t\t\t\t\t\t\t\t<\/div>\n\t\t\t\t\t<\/div>\n\t\t<\/section>\n\t\t\t\t<section class=\"elementor-section elementor-top-section elementor-element elementor-element-823be4b elementor-section-content-middle elementor-section-boxed elementor-section-height-default elementor-section-height-default\" data-id=\"823be4b\" data-element_type=\"section\">\n\t\t\t\t\t\t<div class=\"elementor-container elementor-column-gap-no\">\n\t\t\t\t\t\t\t<div class=\"elementor-row\">\n\t\t\t\t\t<div class=\"elementor-column elementor-col-50 elementor-top-column elementor-element elementor-element-2f7a1ed\" data-id=\"2f7a1ed\" data-element_type=\"column\">\n\t\t\t<div class=\"elementor-column-wrap elementor-element-populated\">\n\t\t\t\t\t\t\t<div class=\"elementor-widget-wrap\">\n\t\t\t\t\t\t<div class=\"elementor-element elementor-element-f2d96ee elementor-widget elementor-widget-image\" data-id=\"f2d96ee\" data-element_type=\"widget\" data-widget_type=\"image.default\">\n\t\t\t\t<div class=\"elementor-widget-container\">\n\t\t\t\t\t<div class=\"elementor-image\">\n\t\t\t\t\t\t\t\t\t\t<img loading=\"lazy\" decoding=\"async\" width=\"4032\" height=\"3024\" src=\"https:\/\/3-moutiers.fr\/wp-content\/uploads\/2020\/12\/salle-20200902_151755-1.jpg\" class=\"attachment-full size-full\" alt=\"\" srcset=\"https:\/\/3-moutiers.fr\/wp-content\/uploads\/2020\/12\/salle-20200902_151755-1.jpg 4032w, https:\/\/3-moutiers.fr\/wp-content\/uploads\/2020\/12\/salle-20200902_151755-1-300x225.jpg 300w, https:\/\/3-moutiers.fr\/wp-content\/uploads\/2020\/12\/salle-20200902_151755-1-768x576.jpg 768w, https:\/\/3-moutiers.fr\/wp-content\/uploads\/2020\/12\/salle-20200902_151755-1-1024x768.jpg 1024w\" sizes=\"auto, (max-width: 4032px) 100vw, 4032px\" \/>\t\t\t\t\t\t\t\t\t\t\t<\/div>\n\t\t\t\t<\/div>\n\t\t\t\t<\/div>\n\t\t\t\t\t\t<\/div>\n\t\t\t\t\t<\/div>\n\t\t<\/div>\n\t\t\t\t<div class=\"elementor-column elementor-col-50 elementor-top-column elementor-element elementor-element-56bda6f\" data-id=\"56bda6f\" data-element_type=\"column\">\n\t\t\t<div class=\"elementor-column-wrap elementor-element-populated\">\n\t\t\t\t\t\t\t<div class=\"elementor-widget-wrap\">\n\t\t\t\t\t\t<div class=\"elementor-element elementor-element-dbc3329 elementor-view-default elementor-widget elementor-widget-icon\" data-id=\"dbc3329\" data-element_type=\"widget\" data-widget_type=\"icon.default\">\n\t\t\t\t<div class=\"elementor-widget-container\">\n\t\t\t\t\t<div class=\"elementor-icon-wrapper\">\n\t\t\t<div class=\"elementor-icon\">\n\t\t\t\t\t\t\t<i class=\"fa fa-quote-left\" aria-hidden=\"true\"><\/i>\n\t\t\t\t\t\t<\/div>\n\t\t<\/div>\n\t\t\t\t<\/div>\n\t\t\t\t<\/div>\n\t\t\t\t<div class=\"elementor-element elementor-element-04ba799 elementor-widget elementor-widget-text-editor\" data-id=\"04ba799\" data-element_type=\"widget\" data-widget_type=\"text-editor.default\">\n\t\t\t\t<div class=\"elementor-widget-container\">\n\t\t\t\t\t<div class=\"elementor-text-editor elementor-clearfix\"><p>Salle cantonale : <small>Capacit\u00e9 d&rsquo;accueil de 370 personnes<\/small><\/p><p><a href=\"http:\/\/3-moutiers.fr\/wp-content\/uploads\/2026\/03\/CONVENTION-SALLE-CANTONALE.pdf\">Convention de location<\/a><\/p><p><a href=\"http:\/\/3-moutiers.fr\/wp-content\/uploads\/2024\/02\/PLAN-SALLE-CANTONALE.pdf\">Plan de la salle <\/a><\/p><p><b>Disponibilit\u00e9 et location aupr\u00e8s de la mairie : <\/b><b>Tel. 05 49 22 63 90<\/b><\/p><\/div>\n\t\t\t\t<\/div>\n\t\t\t\t<\/div>\n\t\t\t\t\t\t<\/div>\n\t\t\t\t\t<\/div>\n\t\t<\/div>\n\t\t\t\t\t\t\t\t<\/div>\n\t\t\t\t\t<\/div>\n\t\t<\/section>\n\t\t\t\t<section class=\"elementor-section elementor-top-section elementor-element elementor-element-28b31c4 elementor-section-boxed elementor-section-height-default elementor-section-height-default\" data-id=\"28b31c4\" data-element_type=\"section\">\n\t\t\t\t\t\t<div class=\"elementor-container elementor-column-gap-default\">\n\t\t\t\t\t\t\t<div class=\"elementor-row\">\n\t\t\t\t\t<div class=\"elementor-column elementor-col-100 elementor-top-column elementor-element elementor-element-aa2477c\" data-id=\"aa2477c\" data-element_type=\"column\">\n\t\t\t<div class=\"elementor-column-wrap\">\n\t\t\t\t\t\t\t<div class=\"elementor-widget-wrap\">\n\t\t\t\t\t\t\t\t<\/div>\n\t\t\t\t\t<\/div>\n\t\t<\/div>\n\t\t\t\t\t\t\t\t<\/div>\n\t\t\t\t\t<\/div>\n\t\t<\/section>\n\t\t\t\t\t\t<\/div>\n\t\t\t\t\t\t<\/div>\n\t\t\t\t\t<\/div>\n\t\t","protected":false},"excerpt":{"rendered":"<p>Location des salles communales Vous trouverez ci-dessous les plans des salles ainsi que les conventions \u00e0 imprimer, \u00e0 remplir et \u00e0 adresser \u00e0 la mairie des Trois-Moutiers accompagn\u00e9es des justificatifs [&hellip;]<\/p>\n","protected":false},"author":1,"featured_media":0,"parent":0,"menu_order":0,"comment_status":"closed","ping_status":"closed","template":"","meta":{"footnotes":""},"class_list":["post-3834","page","type-page","status-publish","hentry"],"_links":{"self":[{"href":"https:\/\/3-moutiers.fr\/index.php\/wp-json\/wp\/v2\/pages\/3834","targetHints":{"allow":["GET"]}}],"collection":[{"href":"https:\/\/3-moutiers.fr\/index.php\/wp-json\/wp\/v2\/pages"}],"about":[{"href":"https:\/\/3-moutiers.fr\/index.php\/wp-json\/wp\/v2\/types\/page"}],"author":[{"embeddable":true,"href":"https:\/\/3-moutiers.fr\/index.php\/wp-json\/wp\/v2\/users\/1"}],"replies":[{"embeddable":true,"href":"https:\/\/3-moutiers.fr\/index.php\/wp-json\/wp\/v2\/comments?post=3834"}],"version-history":[{"count":46,"href":"https:\/\/3-moutiers.fr\/index.php\/wp-json\/wp\/v2\/pages\/3834\/revisions"}],"predecessor-version":[{"id":9517,"href":"https:\/\/3-moutiers.fr\/index.php\/wp-json\/wp\/v2\/pages\/3834\/revisions\/9517"}],"wp:attachment":[{"href":"https:\/\/3-moutiers.fr\/index.php\/wp-json\/wp\/v2\/media?parent=3834"}],"curies":[{"name":"wp","href":"https:\/\/api.w.org\/{rel}","templated":true}]}}